{"id":4824,"date":"2017-01-18T12:04:59","date_gmt":"2017-01-18T11:04:59","guid":{"rendered":"http:\/\/fundaciocmjgodo.cat\/actualitat\/"},"modified":"2017-01-27T15:24:30","modified_gmt":"2017-01-27T14:24:30","slug":"actualidad","status":"publish","type":"page","link":"https:\/\/fundaciocmjgodo.cat\/es\/actualidad\/","title":{"rendered":"Actualidad"},"content":{"rendered":"<div class=\"wpb-content-wrapper\"><p>[vc_row][vc_column]\t\t<div class=\"grve-element grve-blog grve-small-media grve-non-isotope\" style=\"\" >\r\n\t\t\t<div class=\"grve-standard-container\">\r\n\t\t\t<article id=\"post-6048\" class=\"grve-blog-item grve-small-post grve-non-isotope-item post-6048 post type-post status-publish format-standard has-post-thumbnail hentry category-sin-categorizar\" itemscope itemType=\"http:\/\/schema.org\/BlogPosting\">\r\n\t\t\t\t\t\t\t\t\t\t\t<div class=\"grve-media grve-image-hover\">\r\n\t\t\t<a href=\"https:\/\/fundaciocmjgodo.cat\/es\/nombramiento-de-nueva-patrona\/\" target=\"_self\"><img loading=\"lazy\" decoding=\"async\" width=\"560\" height=\"315\" src=\"https:\/\/fundaciocmjgodo.cat\/wp-content\/uploads\/muntaner-200-1-768x513-1-560x315.jpg\" class=\"attachment-grve-image-small-rect-horizontal size-grve-image-small-rect-horizontal wp-post-image\" alt=\"\" \/><\/a>\r\n\t\t<\/div>\r\n\r\n\t\t\t\t\t\t\t\t\t\t\t<div class=\"grve-post-content\">\r\n\t\t\t\t\t\t\t<a href=\"https:\/\/fundaciocmjgodo.cat\/es\/nombramiento-de-nueva-patrona\/\" rel=\"bookmark\"><h4 class=\"grve-post-title\" itemprop=\"headline\">Nombramiento de nueva Patrona<\/h4><\/a>\t\t\t\t\t\t\t\t\t<span class=\"grve-hidden\">\r\n\t\t\t<span class=\"grve-structured-data\" itemprop=\"image\" itemscope itemtype=\"http:\/\/schema.org\/ImageObject\">\r\n\t\t\t   <span itemprop='url' >https:\/\/fundaciocmjgodo.cat\/wp-content\/uploads\/muntaner-200-1-768x513-1.jpg<\/span>\r\n\t\t\t   <span itemprop='height' >768<\/span>\r\n\t\t\t   <span itemprop='width' >513<\/span>\r\n\t\t\t<\/span>\r\n\t\t\t\t\t\t<span class=\"grve-structured-data\" itemprop=\"author\" itemscope itemtype=\"http:\/\/schema.org\/Person\">\r\n\t\t\t\t<span itemprop=\"name\">Fundaci\u00f3 CMJ God\u00f3<\/span>\r\n\t\t\t<\/span>\r\n\t\t\t<span class=\"grve-structured-data\" itemprop=\"publisher\" itemscope itemtype=\"http:\/\/schema.org\/Organization\">\r\n\t\t\t\t<span itemprop='name'>Fundaci\u00f3 CMJ God\u00f3<\/span>\r\n\t\t\t\t<span itemprop='logo' itemscope itemtype='http:\/\/schema.org\/ImageObject'>\r\n\t\t\t\t\t<span itemprop='url'>https:\/\/fundaciocmjgodo.cat\/wp-content\/uploads\/muntaner-200-1-768x513-1.jpg<\/span>\r\n\t\t\t\t<\/span>\r\n\t\t\t<\/span>\r\n\t\t\t\t\t\t<time class=\"grve-structured-data\" itemprop=\"datePublished\" datetime=\"2026-02-19T18:12:30+01:00\">19 febrero, 2026<\/time>\r\n\t\t\t<time class=\"grve-structured-data\" itemprop=\"dateModified\"  datetime=\"2026-02-19T18:18:35+01:00\">19 febrero, 2026<\/time>\r\n\t\t\t<span class=\"grve-structured-data\" itemprop=\"mainEntityOfPage\" itemscope itemtype=\"http:\/\/schema.org\/WebPage\" itemid=\"https:\/\/fundaciocmjgodo.cat\/es\/nombramiento-de-nueva-patrona\/\"><\/span>\r\n\t\t<\/span>\r\n\t\t\t\t\t\t\t\t<div class=\"grve-post-meta\">\r\n\t\t\t\t\t\t\t\t\t<time class=\"grve-post-date\" datetime=\"2026-02-19T18:12:30+01:00\">\r\n\t\t19 febrero, 2026\t<\/time>\r\n\t<div class=\"grve-post-comments grve-small-text\">\r\n\t\t<span class=\"grve-icon-comment\"><\/span> 0\t<\/div>\r\n\t\t<div class=\"grve-like-counter\"><span class=\"grve-icon-heart\"><\/span>0<\/div>\r\n\t\t\t\t\t\t\t<\/div>\r\n\t\t\t\t\t\t\t<div itemprop=\"articleBody\"><p>El presidente informa que, tras la renuncia de la patrona Sra. Prats, y con el fin de completar la composici\u00f3n del \u00f3rgano de gobierno de la Fundaci\u00f3n, se propone el nombramiento de la Sra. Mar\u00eda del Mar Ros Ravent\u00f3s como nueva patrona por un per\u00edodo de cinco a\u00f1os.Sometida la propuesta&hellip;<\/p><a class=\"grve-read-more\" href=\"https:\/\/fundaciocmjgodo.cat\/es\/nombramiento-de-nueva-patrona\/\"><span>leer m\u00e1s<\/span><\/a><\/div>\t\t\t\t\t\t<\/div>\r\n\t\t\t\t\t\r\n\t\t\t\t\t\t\t<\/article>\r\n\r\n\t\t\t<article id=\"post-6043\" class=\"grve-blog-item grve-small-post grve-non-isotope-item post-6043 post type-post status-publish format-standard has-post-thumbnail hentry category-sin-categorizar\" itemscope itemType=\"http:\/\/schema.org\/BlogPosting\">\r\n\t\t\t\t\t\t\t\t\t\t\t<div class=\"grve-media grve-image-hover\">\r\n\t\t\t<a href=\"https:\/\/fundaciocmjgodo.cat\/es\/renuncia-de-vocal-del-patronato\/\" target=\"_self\"><img loading=\"lazy\" decoding=\"async\" width=\"560\" height=\"315\" src=\"https:\/\/fundaciocmjgodo.cat\/wp-content\/uploads\/muntaner-200-3-560x315.jpg\" class=\"attachment-grve-image-small-rect-horizontal size-grve-image-small-rect-horizontal wp-post-image\" alt=\"\" \/><\/a>\r\n\t\t<\/div>\r\n\r\n\t\t\t\t\t\t\t\t\t\t\t<div class=\"grve-post-content\">\r\n\t\t\t\t\t\t\t<a href=\"https:\/\/fundaciocmjgodo.cat\/es\/renuncia-de-vocal-del-patronato\/\" rel=\"bookmark\"><h4 class=\"grve-post-title\" itemprop=\"headline\">Renuncia de vocal del Patronato<\/h4><\/a>\t\t\t\t\t\t\t\t\t<span class=\"grve-hidden\">\r\n\t\t\t<span class=\"grve-structured-data\" itemprop=\"image\" itemscope itemtype=\"http:\/\/schema.org\/ImageObject\">\r\n\t\t\t   <span itemprop='url' >https:\/\/fundaciocmjgodo.cat\/wp-content\/uploads\/muntaner-200-3.jpg<\/span>\r\n\t\t\t   <span itemprop='height' >800<\/span>\r\n\t\t\t   <span itemprop='width' >534<\/span>\r\n\t\t\t<\/span>\r\n\t\t\t\t\t\t<span class=\"grve-structured-data\" itemprop=\"author\" itemscope itemtype=\"http:\/\/schema.org\/Person\">\r\n\t\t\t\t<span itemprop=\"name\">Fundaci\u00f3 CMJ God\u00f3<\/span>\r\n\t\t\t<\/span>\r\n\t\t\t<span class=\"grve-structured-data\" itemprop=\"publisher\" itemscope itemtype=\"http:\/\/schema.org\/Organization\">\r\n\t\t\t\t<span itemprop='name'>Fundaci\u00f3 CMJ God\u00f3<\/span>\r\n\t\t\t\t<span itemprop='logo' itemscope itemtype='http:\/\/schema.org\/ImageObject'>\r\n\t\t\t\t\t<span itemprop='url'>https:\/\/fundaciocmjgodo.cat\/wp-content\/uploads\/muntaner-200-3.jpg<\/span>\r\n\t\t\t\t<\/span>\r\n\t\t\t<\/span>\r\n\t\t\t\t\t\t<time class=\"grve-structured-data\" itemprop=\"datePublished\" datetime=\"2026-02-19T18:04:01+01:00\">19 febrero, 2026<\/time>\r\n\t\t\t<time class=\"grve-structured-data\" itemprop=\"dateModified\"  datetime=\"2026-02-19T18:04:02+01:00\">19 febrero, 2026<\/time>\r\n\t\t\t<span class=\"grve-structured-data\" itemprop=\"mainEntityOfPage\" itemscope itemtype=\"http:\/\/schema.org\/WebPage\" itemid=\"https:\/\/fundaciocmjgodo.cat\/es\/renuncia-de-vocal-del-patronato\/\"><\/span>\r\n\t\t<\/span>\r\n\t\t\t\t\t\t\t\t<div class=\"grve-post-meta\">\r\n\t\t\t\t\t\t\t\t\t<time class=\"grve-post-date\" datetime=\"2026-02-19T18:04:01+01:00\">\r\n\t\t19 febrero, 2026\t<\/time>\r\n\t<div class=\"grve-post-comments grve-small-text\">\r\n\t\t<span class=\"grve-icon-comment\"><\/span> 0\t<\/div>\r\n\t\t<div class=\"grve-like-counter\"><span class=\"grve-icon-heart\"><\/span>0<\/div>\r\n\t\t\t\t\t\t\t<\/div>\r\n\t\t\t\t\t\t\t<div itemprop=\"articleBody\"><p>El 22 de diciembre de 2025, el patronato de la Fundaci\u00f3n celebr\u00f3 reuni\u00f3n con la asistencia de todos sus miembros. El presidente inform\u00f3 de la renuncia de la Sra. Mar\u00eda Julia Prats Moreno al cargo de vocal. La decisi\u00f3n responde a motivos estrictamente profesionales que implican su traslado de residencia&hellip;<\/p><a class=\"grve-read-more\" href=\"https:\/\/fundaciocmjgodo.cat\/es\/renuncia-de-vocal-del-patronato\/\"><span>leer m\u00e1s<\/span><\/a><\/div>\t\t\t\t\t\t<\/div>\r\n\t\t\t\t\t\r\n\t\t\t\t\t\t\t<\/article>\r\n\r\n\t\t\t<article id=\"post-6030\" class=\"grve-blog-item grve-small-post grve-non-isotope-item post-6030 post type-post status-publish format-standard has-post-thumbnail hentry category-sin-categorizar\" itemscope itemType=\"http:\/\/schema.org\/BlogPosting\">\r\n\t\t\t\t\t\t\t\t\t\t\t<div class=\"grve-media grve-image-hover\">\r\n\t\t\t<a href=\"https:\/\/fundaciocmjgodo.cat\/es\/cambio-en-la-presidencia-de-la-fundacion\/\" target=\"_self\"><img loading=\"lazy\" decoding=\"async\" width=\"560\" height=\"315\" src=\"https:\/\/fundaciocmjgodo.cat\/wp-content\/uploads\/muntaner-200-1-768x513-1-560x315.jpg\" class=\"attachment-grve-image-small-rect-horizontal size-grve-image-small-rect-horizontal wp-post-image\" alt=\"\" \/><\/a>\r\n\t\t<\/div>\r\n\r\n\t\t\t\t\t\t\t\t\t\t\t<div class=\"grve-post-content\">\r\n\t\t\t\t\t\t\t<a href=\"https:\/\/fundaciocmjgodo.cat\/es\/cambio-en-la-presidencia-de-la-fundacion\/\" rel=\"bookmark\"><h4 class=\"grve-post-title\" itemprop=\"headline\">Cambio en la presidencia de la Fundaci\u00f3n<\/h4><\/a>\t\t\t\t\t\t\t\t\t<span class=\"grve-hidden\">\r\n\t\t\t<span class=\"grve-structured-data\" itemprop=\"image\" itemscope itemtype=\"http:\/\/schema.org\/ImageObject\">\r\n\t\t\t   <span itemprop='url' >https:\/\/fundaciocmjgodo.cat\/wp-content\/uploads\/muntaner-200-1-768x513-1.jpg<\/span>\r\n\t\t\t   <span itemprop='height' >768<\/span>\r\n\t\t\t   <span itemprop='width' >513<\/span>\r\n\t\t\t<\/span>\r\n\t\t\t\t\t\t<span class=\"grve-structured-data\" itemprop=\"author\" itemscope itemtype=\"http:\/\/schema.org\/Person\">\r\n\t\t\t\t<span itemprop=\"name\">Fundaci\u00f3 CMJ God\u00f3<\/span>\r\n\t\t\t<\/span>\r\n\t\t\t<span class=\"grve-structured-data\" itemprop=\"publisher\" itemscope itemtype=\"http:\/\/schema.org\/Organization\">\r\n\t\t\t\t<span itemprop='name'>Fundaci\u00f3 CMJ God\u00f3<\/span>\r\n\t\t\t\t<span itemprop='logo' itemscope itemtype='http:\/\/schema.org\/ImageObject'>\r\n\t\t\t\t\t<span itemprop='url'>https:\/\/fundaciocmjgodo.cat\/wp-content\/uploads\/muntaner-200-1-768x513-1.jpg<\/span>\r\n\t\t\t\t<\/span>\r\n\t\t\t<\/span>\r\n\t\t\t\t\t\t<time class=\"grve-structured-data\" itemprop=\"datePublished\" datetime=\"2026-02-03T18:23:03+01:00\">3 febrero, 2026<\/time>\r\n\t\t\t<time class=\"grve-structured-data\" itemprop=\"dateModified\"  datetime=\"2026-02-19T18:08:36+01:00\">19 febrero, 2026<\/time>\r\n\t\t\t<span class=\"grve-structured-data\" itemprop=\"mainEntityOfPage\" itemscope itemtype=\"http:\/\/schema.org\/WebPage\" itemid=\"https:\/\/fundaciocmjgodo.cat\/es\/cambio-en-la-presidencia-de-la-fundacion\/\"><\/span>\r\n\t\t<\/span>\r\n\t\t\t\t\t\t\t\t<div class=\"grve-post-meta\">\r\n\t\t\t\t\t\t\t\t\t<time class=\"grve-post-date\" datetime=\"2026-02-03T18:23:03+01:00\">\r\n\t\t3 febrero, 2026\t<\/time>\r\n\t<div class=\"grve-post-comments grve-small-text\">\r\n\t\t<span class=\"grve-icon-comment\"><\/span> 0\t<\/div>\r\n\t\t<div class=\"grve-like-counter\"><span class=\"grve-icon-heart\"><\/span>0<\/div>\r\n\t\t\t\t\t\t\t<\/div>\r\n\t\t\t\t\t\t\t<div itemprop=\"articleBody\"><p>El patronato de la Fundaci\u00f3n Carmen y Mar\u00eda Jos\u00e9 God\u00f3 se reuni\u00f3 el pasado 6 de octubre, con car\u00e1cter extraordinario, con la asistencia de todos los patronos, y en ella el presidente Sr. Josep Mar\u00eda Coronas Guinart present\u00f3 su renuncia al cargo de presidente por motivos personales. En la misma&hellip;<\/p><a class=\"grve-read-more\" href=\"https:\/\/fundaciocmjgodo.cat\/es\/cambio-en-la-presidencia-de-la-fundacion\/\"><span>leer m\u00e1s<\/span><\/a><\/div>\t\t\t\t\t\t<\/div>\r\n\t\t\t\t\t\r\n\t\t\t\t\t\t\t<\/article>\r\n\r\n\t\t\t<article id=\"post-5936\" class=\"grve-blog-item grve-small-post grve-non-isotope-item post-5936 post type-post status-publish format-standard has-post-thumbnail hentry category-sense-categoria\" itemscope itemType=\"http:\/\/schema.org\/BlogPosting\">\r\n\t\t\t\t\t\t\t\t\t\t\t<div class=\"grve-media grve-image-hover\">\r\n\t\t\t<a href=\"https:\/\/fundaciocmjgodo.cat\/es\/bases-convacatoria-2024\/\" target=\"_self\"><img loading=\"lazy\" decoding=\"async\" width=\"560\" height=\"315\" src=\"https:\/\/fundaciocmjgodo.cat\/wp-content\/uploads\/home-cmj-godo_4-560x315.jpg\" class=\"attachment-grve-image-small-rect-horizontal size-grve-image-small-rect-horizontal wp-post-image\" alt=\"\" srcset=\"https:\/\/fundaciocmjgodo.cat\/wp-content\/uploads\/home-cmj-godo_4-560x315.jpg 560w, https:\/\/fundaciocmjgodo.cat\/wp-content\/uploads\/home-cmj-godo_4-1170x658.jpg 1170w\" sizes=\"auto, (max-width: 560px) 100vw, 560px\" \/><\/a>\r\n\t\t<\/div>\r\n\r\n\t\t\t\t\t\t\t\t\t\t\t<div class=\"grve-post-content\">\r\n\t\t\t\t\t\t\t<a href=\"https:\/\/fundaciocmjgodo.cat\/es\/bases-convacatoria-2024\/\" rel=\"bookmark\"><h4 class=\"grve-post-title\" itemprop=\"headline\">Convocatoria de ayudas 2024<\/h4><\/a>\t\t\t\t\t\t\t\t\t<span class=\"grve-hidden\">\r\n\t\t\t<span class=\"grve-structured-data\" itemprop=\"image\" itemscope itemtype=\"http:\/\/schema.org\/ImageObject\">\r\n\t\t\t   <span itemprop='url' >https:\/\/fundaciocmjgodo.cat\/wp-content\/uploads\/home-cmj-godo_4-1024x682.jpg<\/span>\r\n\t\t\t   <span itemprop='height' >1024<\/span>\r\n\t\t\t   <span itemprop='width' >682<\/span>\r\n\t\t\t<\/span>\r\n\t\t\t\t\t\t<span class=\"grve-structured-data\" itemprop=\"author\" itemscope itemtype=\"http:\/\/schema.org\/Person\">\r\n\t\t\t\t<span itemprop=\"name\">Fundaci\u00f3 CMJ God\u00f3<\/span>\r\n\t\t\t<\/span>\r\n\t\t\t<span class=\"grve-structured-data\" itemprop=\"publisher\" itemscope itemtype=\"http:\/\/schema.org\/Organization\">\r\n\t\t\t\t<span itemprop='name'>Fundaci\u00f3 CMJ God\u00f3<\/span>\r\n\t\t\t\t<span itemprop='logo' itemscope itemtype='http:\/\/schema.org\/ImageObject'>\r\n\t\t\t\t\t<span itemprop='url'>https:\/\/fundaciocmjgodo.cat\/wp-content\/uploads\/home-cmj-godo_4-1024x682.jpg<\/span>\r\n\t\t\t\t<\/span>\r\n\t\t\t<\/span>\r\n\t\t\t\t\t\t<time class=\"grve-structured-data\" itemprop=\"datePublished\" datetime=\"2025-07-26T11:42:33+01:00\">26 julio, 2025<\/time>\r\n\t\t\t<time class=\"grve-structured-data\" itemprop=\"dateModified\"  datetime=\"2025-07-26T12:14:59+01:00\">26 julio, 2025<\/time>\r\n\t\t\t<span class=\"grve-structured-data\" itemprop=\"mainEntityOfPage\" itemscope itemtype=\"http:\/\/schema.org\/WebPage\" itemid=\"https:\/\/fundaciocmjgodo.cat\/es\/bases-convacatoria-2024\/\"><\/span>\r\n\t\t<\/span>\r\n\t\t\t\t\t\t\t\t<div class=\"grve-post-meta\">\r\n\t\t\t\t\t\t\t\t\t<time class=\"grve-post-date\" datetime=\"2025-07-26T11:42:33+01:00\">\r\n\t\t26 julio, 2025\t<\/time>\r\n\t<div class=\"grve-post-comments grve-small-text\">\r\n\t\t<span class=\"grve-icon-comment\"><\/span> 0\t<\/div>\r\n\t\t<div class=\"grve-like-counter\"><span class=\"grve-icon-heart\"><\/span>0<\/div>\r\n\t\t\t\t\t\t\t<\/div>\r\n\t\t\t\t\t\t\t<div itemprop=\"articleBody\"><p>BASES PARA LA CONVOCATORIA DE AYUDAS 2024 DE FUNDACI\u00d3 CMJ GOD\u00d3 1. PRESENTACI\u00d3N La misi\u00f3n de la Fundaci\u00f3 CMJ God\u00f3 es velar por los grupos de ni\u00f1os, j\u00f3venes y gente mayor marginados o en riesgo de exclusi\u00f3n social, realizando actividades de caracteres ben\u00e9fico y social dirigidos a estos sectores. Para&hellip;<\/p><a class=\"grve-read-more\" href=\"https:\/\/fundaciocmjgodo.cat\/es\/bases-convacatoria-2024\/\"><span>leer m\u00e1s<\/span><\/a><\/div>\t\t\t\t\t\t<\/div>\r\n\t\t\t\t\t\r\n\t\t\t\t\t\t\t<\/article>\r\n\r\n\t\t\t<\/div>\r\n<div class=\"grve-pagination\"><ul class='page-numbers'>\n\t<li><span aria-current=\"page\" class=\"page-numbers current\">1<\/span><\/li>\n\t<li><a class=\"page-numbers\" href=\"https:\/\/fundaciocmjgodo.cat\/es\/wp-json\/wp\/v2\/pages\/4824\/page\/2\/\">2<\/a><\/li>\n\t<li><a class=\"page-numbers\" href=\"https:\/\/fundaciocmjgodo.cat\/es\/wp-json\/wp\/v2\/pages\/4824\/page\/3\/\">3<\/a><\/li>\n\t<li><span class=\"page-numbers dots\">&hellip;<\/span><\/li>\n\t<li><a class=\"page-numbers\" href=\"https:\/\/fundaciocmjgodo.cat\/es\/wp-json\/wp\/v2\/pages\/4824\/page\/5\/\">5<\/a><\/li>\n\t<li><a class=\"next page-numbers\" href=\"https:\/\/fundaciocmjgodo.cat\/es\/wp-json\/wp\/v2\/pages\/4824\/page\/2\/\"><i class=\"grve-icon-nav-right\"><\/i><\/a><\/li>\n<\/ul>\n<\/div>\t\t<\/div>\r\n[\/vc_column][\/vc_row]<\/p>\n<\/div>","protected":false},"excerpt":{"rendered":"<p>[vc_row][vc_column][\/vc_column][\/vc_row]<\/p>\n","protected":false},"author":3,"featured_media":0,"parent":0,"menu_order":0,"comment_status":"closed","ping_status":"closed","template":"","meta":{"footnotes":""},"class_list":["post-4824","page","type-page","status-publish","hentry"],"yoast_head":"<!-- This site is optimized with the Yoast SEO plugin v27.4 - https:\/\/yoast.com\/product\/yoast-seo-wordpress\/ -->\n<title>Actualidad - Fundaci\u00f3 CMJ God\u00f3<\/title>\n<meta name=\"robots\" content=\"index, follow, max-snippet:-1, max-image-preview:large, max-video-preview:-1\" \/>\n<link rel=\"canonical\" href=\"https:\/\/fundaciocmjgodo.cat\/es\/actualidad\/\" \/>\n<meta property=\"og:locale\" content=\"es_ES\" \/>\n<meta property=\"og:type\" content=\"article\" \/>\n<meta property=\"og:title\" content=\"Actualidad - Fundaci\u00f3 CMJ God\u00f3\" \/>\n<meta property=\"og:description\" content=\"[vc_row][vc_column][\/vc_column][\/vc_row]\" \/>\n<meta property=\"og:url\" content=\"https:\/\/fundaciocmjgodo.cat\/es\/actualidad\/\" \/>\n<meta property=\"og:site_name\" content=\"Fundaci\u00f3 CMJ God\u00f3\" \/>\n<meta property=\"article:modified_time\" content=\"2017-01-27T14:24:30+00:00\" \/>\n<meta name=\"twitter:card\" content=\"summary_large_image\" \/>\n<script type=\"application\/ld+json\" class=\"yoast-schema-graph\">{\"@context\":\"https:\\\/\\\/schema.org\",\"@graph\":[{\"@type\":\"WebPage\",\"@id\":\"https:\\\/\\\/fundaciocmjgodo.cat\\\/es\\\/actualidad\\\/\",\"url\":\"https:\\\/\\\/fundaciocmjgodo.cat\\\/es\\\/actualidad\\\/\",\"name\":\"Actualidad - Fundaci\u00f3 CMJ God\u00f3\",\"isPartOf\":{\"@id\":\"https:\\\/\\\/fundaciocmjgodo.cat\\\/#website\"},\"datePublished\":\"2017-01-18T11:04:59+00:00\",\"dateModified\":\"2017-01-27T14:24:30+00:00\",\"breadcrumb\":{\"@id\":\"https:\\\/\\\/fundaciocmjgodo.cat\\\/es\\\/actualidad\\\/#breadcrumb\"},\"inLanguage\":\"es\",\"potentialAction\":[{\"@type\":\"ReadAction\",\"target\":[\"https:\\\/\\\/fundaciocmjgodo.cat\\\/es\\\/actualidad\\\/\"]}]},{\"@type\":\"BreadcrumbList\",\"@id\":\"https:\\\/\\\/fundaciocmjgodo.cat\\\/es\\\/actualidad\\\/#breadcrumb\",\"itemListElement\":[{\"@type\":\"ListItem\",\"position\":1,\"name\":\"Inici\",\"item\":\"https:\\\/\\\/fundaciocmjgodo.cat\\\/es\\\/inici\\\/\"},{\"@type\":\"ListItem\",\"position\":2,\"name\":\"Actualidad\"}]},{\"@type\":\"WebSite\",\"@id\":\"https:\\\/\\\/fundaciocmjgodo.cat\\\/#website\",\"url\":\"https:\\\/\\\/fundaciocmjgodo.cat\\\/\",\"name\":\"Fundaci\u00f3 CMJ God\u00f3\",\"description\":\"\",\"publisher\":{\"@id\":\"https:\\\/\\\/fundaciocmjgodo.cat\\\/#organization\"},\"potentialAction\":[{\"@type\":\"SearchAction\",\"target\":{\"@type\":\"EntryPoint\",\"urlTemplate\":\"https:\\\/\\\/fundaciocmjgodo.cat\\\/?s={search_term_string}\"},\"query-input\":{\"@type\":\"PropertyValueSpecification\",\"valueRequired\":true,\"valueName\":\"search_term_string\"}}],\"inLanguage\":\"es\"},{\"@type\":\"Organization\",\"@id\":\"https:\\\/\\\/fundaciocmjgodo.cat\\\/#organization\",\"name\":\"Fundaci\u00f3 CMJ God\u00f3\",\"url\":\"https:\\\/\\\/fundaciocmjgodo.cat\\\/\",\"logo\":{\"@type\":\"ImageObject\",\"inLanguage\":\"es\",\"@id\":\"https:\\\/\\\/fundaciocmjgodo.cat\\\/#\\\/schema\\\/logo\\\/image\\\/\",\"url\":\"https:\\\/\\\/fundaciocmjgodo.cat\\\/wp-content\\\/uploads\\\/Logo-RGB-web.jpg\",\"contentUrl\":\"https:\\\/\\\/fundaciocmjgodo.cat\\\/wp-content\\\/uploads\\\/Logo-RGB-web.jpg\",\"width\":2000,\"height\":2000,\"caption\":\"Fundaci\u00f3 CMJ God\u00f3\"},\"image\":{\"@id\":\"https:\\\/\\\/fundaciocmjgodo.cat\\\/#\\\/schema\\\/logo\\\/image\\\/\"}}]}<\/script>\n<!-- \/ Yoast SEO plugin. -->","yoast_head_json":{"title":"Actualidad - Fundaci\u00f3 CMJ God\u00f3","robots":{"index":"index","follow":"follow","max-snippet":"max-snippet:-1","max-image-preview":"max-image-preview:large","max-video-preview":"max-video-preview:-1"},"canonical":"https:\/\/fundaciocmjgodo.cat\/es\/actualidad\/","og_locale":"es_ES","og_type":"article","og_title":"Actualidad - Fundaci\u00f3 CMJ God\u00f3","og_description":"[vc_row][vc_column][\/vc_column][\/vc_row]","og_url":"https:\/\/fundaciocmjgodo.cat\/es\/actualidad\/","og_site_name":"Fundaci\u00f3 CMJ God\u00f3","article_modified_time":"2017-01-27T14:24:30+00:00","twitter_card":"summary_large_image","schema":{"@context":"https:\/\/schema.org","@graph":[{"@type":"WebPage","@id":"https:\/\/fundaciocmjgodo.cat\/es\/actualidad\/","url":"https:\/\/fundaciocmjgodo.cat\/es\/actualidad\/","name":"Actualidad - Fundaci\u00f3 CMJ God\u00f3","isPartOf":{"@id":"https:\/\/fundaciocmjgodo.cat\/#website"},"datePublished":"2017-01-18T11:04:59+00:00","dateModified":"2017-01-27T14:24:30+00:00","breadcrumb":{"@id":"https:\/\/fundaciocmjgodo.cat\/es\/actualidad\/#breadcrumb"},"inLanguage":"es","potentialAction":[{"@type":"ReadAction","target":["https:\/\/fundaciocmjgodo.cat\/es\/actualidad\/"]}]},{"@type":"BreadcrumbList","@id":"https:\/\/fundaciocmjgodo.cat\/es\/actualidad\/#breadcrumb","itemListElement":[{"@type":"ListItem","position":1,"name":"Inici","item":"https:\/\/fundaciocmjgodo.cat\/es\/inici\/"},{"@type":"ListItem","position":2,"name":"Actualidad"}]},{"@type":"WebSite","@id":"https:\/\/fundaciocmjgodo.cat\/#website","url":"https:\/\/fundaciocmjgodo.cat\/","name":"Fundaci\u00f3 CMJ God\u00f3","description":"","publisher":{"@id":"https:\/\/fundaciocmjgodo.cat\/#organization"},"potentialAction":[{"@type":"SearchAction","target":{"@type":"EntryPoint","urlTemplate":"https:\/\/fundaciocmjgodo.cat\/?s={search_term_string}"},"query-input":{"@type":"PropertyValueSpecification","valueRequired":true,"valueName":"search_term_string"}}],"inLanguage":"es"},{"@type":"Organization","@id":"https:\/\/fundaciocmjgodo.cat\/#organization","name":"Fundaci\u00f3 CMJ God\u00f3","url":"https:\/\/fundaciocmjgodo.cat\/","logo":{"@type":"ImageObject","inLanguage":"es","@id":"https:\/\/fundaciocmjgodo.cat\/#\/schema\/logo\/image\/","url":"https:\/\/fundaciocmjgodo.cat\/wp-content\/uploads\/Logo-RGB-web.jpg","contentUrl":"https:\/\/fundaciocmjgodo.cat\/wp-content\/uploads\/Logo-RGB-web.jpg","width":2000,"height":2000,"caption":"Fundaci\u00f3 CMJ God\u00f3"},"image":{"@id":"https:\/\/fundaciocmjgodo.cat\/#\/schema\/logo\/image\/"}}]}},"_links":{"self":[{"href":"https:\/\/fundaciocmjgodo.cat\/es\/wp-json\/wp\/v2\/pages\/4824","targetHints":{"allow":["GET"]}}],"collection":[{"href":"https:\/\/fundaciocmjgodo.cat\/es\/wp-json\/wp\/v2\/pages"}],"about":[{"href":"https:\/\/fundaciocmjgodo.cat\/es\/wp-json\/wp\/v2\/types\/page"}],"author":[{"embeddable":true,"href":"https:\/\/fundaciocmjgodo.cat\/es\/wp-json\/wp\/v2\/users\/3"}],"replies":[{"embeddable":true,"href":"https:\/\/fundaciocmjgodo.cat\/es\/wp-json\/wp\/v2\/comments?post=4824"}],"version-history":[{"count":2,"href":"https:\/\/fundaciocmjgodo.cat\/es\/wp-json\/wp\/v2\/pages\/4824\/revisions"}],"predecessor-version":[{"id":4871,"href":"https:\/\/fundaciocmjgodo.cat\/es\/wp-json\/wp\/v2\/pages\/4824\/revisions\/4871"}],"wp:attachment":[{"href":"https:\/\/fundaciocmjgodo.cat\/es\/wp-json\/wp\/v2\/media?parent=4824"}],"curies":[{"name":"wp","href":"https:\/\/api.w.org\/{rel}","templated":true}]}}