{"id":4921,"date":"2017-01-19T12:28:59","date_gmt":"2017-01-19T11:28:59","guid":{"rendered":"http:\/\/fundaciocmjgodo.cat\/proyectos-destacados\/"},"modified":"2017-01-27T15:26:26","modified_gmt":"2017-01-27T14:26:26","slug":"proyectos-destacados","status":"publish","type":"page","link":"https:\/\/fundaciocmjgodo.cat\/es\/proyectos-destacados\/","title":{"rendered":"Proyectos destacados"},"content":{"rendered":"<div class=\"wpb-content-wrapper\"><p>[vc_row][vc_column]\t\t\t<div class=\"grve-element grve-portfolio grve-isotope\" style=\"\" data-gutter=\"yes\" data-spinner=\"no\" data-type=\"3-columns\" data-layout=\"fitRows\">\r\n\t\t\r\n\t\t\t<div class=\"grve-isotope-container\">\r\n\t\t\t\t\t\t\t<article id=\"portfolio-4929-69f5b0ea20ad1\" class=\"grve-isotope-item grve-portfolio-item  post-4929 portfolio type-portfolio status-publish has-post-thumbnail hentry\">\r\n\t\t\t\t\t\t\t\t\t\t\t\t\t\t\t\t\t\t<a href=\"https:\/\/fundaciocmjgodo.cat\/es\/projecte\/fundacio-brafa\/\">\r\n\t\t\t\t\t\t\t\t\t\t\t<figure class=\"grve-hover-style-1 grve-image-hover grve-zoom-in grve-dark\">\r\n\t\t\t\t\t\t\t\t\t\t\t\t\t\t\t\t<div class=\"grve-media grve-dark-overlay grve-opacity-80\">\r\n\t\t\t\t\t\t\t\t\t<img loading=\"lazy\" decoding=\"async\" width=\"560\" height=\"560\" src=\"https:\/\/fundaciocmjgodo.cat\/wp-content\/uploads\/home-cmj-godo_3-560x560.jpg\" class=\"attachment-grve-image-small-square size-grve-image-small-square\" alt=\"\" srcset=\"https:\/\/fundaciocmjgodo.cat\/wp-content\/uploads\/home-cmj-godo_3-560x560.jpg 560w, https:\/\/fundaciocmjgodo.cat\/wp-content\/uploads\/home-cmj-godo_3-150x150.jpg 150w, https:\/\/fundaciocmjgodo.cat\/wp-content\/uploads\/home-cmj-godo_3-80x80.jpg 80w, https:\/\/fundaciocmjgodo.cat\/wp-content\/uploads\/home-cmj-godo_3-1120x1120.jpg 1120w\" sizes=\"auto, (max-width: 560px) 100vw, 560px\" \/>\t\t\t\t\t\t\t\t<\/div>\r\n\t\t\t\t\t\t\t\t<figcaption>\r\n\t\t\t\t\t\t\t\t\t\t\t\t\t\t\t\t\t\t<h6 class=\"grve-title grve-dark\">Fundaci\u00f3 Brafa<\/h6>\r\n\t\t\t\t\t\t\t\t\t\t\t\t\t\t\t\t\t\t\t\t\t\t\t\t\t\t\t<span class=\"grve-caption grve-dark\">Educaci\u00f3n y reinserci\u00f3n social de j\u00f3venes a trav\u00e9s del deporte.<\/span>\r\n\t\t\t\t\t\t\t\t\t\t\t\t\t\t\t\t\t\t\t\t\t\t\t\t\t\t\t<span class=\"grve-portfolio-btns\">+ INFO<\/span>\r\n\t\t\t\t\t\t\t\t\t\t\t\t\t\t\t\t\t<\/figcaption>\r\n\t\t\t\t\t\t\t<\/figure>\r\n\t\t\t\t\t\t\t<\/a>\t\t\t\t\t\t\t\t\t\t\t\t\t\r\n\t\t\t\t\t<\/article>\r\n\t\t\t\t\t<article id=\"portfolio-4928-69f5b0ea20e32\" class=\"grve-isotope-item grve-portfolio-item  post-4928 portfolio type-portfolio status-publish has-post-thumbnail hentry\">\r\n\t\t\t\t\t\t\t\t\t\t\t\t\t\t\t\t\t\t<a href=\"https:\/\/fundaciocmjgodo.cat\/es\/projecte\/st-joan-de-deu\/\">\r\n\t\t\t\t\t\t\t\t\t\t\t<figure class=\"grve-hover-style-1 grve-image-hover grve-zoom-in grve-dark\">\r\n\t\t\t\t\t\t\t\t\t\t\t\t\t\t\t\t<div class=\"grve-media grve-dark-overlay grve-opacity-80\">\r\n\t\t\t\t\t\t\t\t\t<img loading=\"lazy\" decoding=\"async\" width=\"560\" height=\"560\" src=\"https:\/\/fundaciocmjgodo.cat\/wp-content\/uploads\/play-560x560.jpg\" class=\"attachment-grve-image-small-square size-grve-image-small-square\" alt=\"\" srcset=\"https:\/\/fundaciocmjgodo.cat\/wp-content\/uploads\/play-560x560.jpg 560w, https:\/\/fundaciocmjgodo.cat\/wp-content\/uploads\/play-150x150.jpg 150w, https:\/\/fundaciocmjgodo.cat\/wp-content\/uploads\/play-80x80.jpg 80w, https:\/\/fundaciocmjgodo.cat\/wp-content\/uploads\/play-1120x1120.jpg 1120w\" sizes=\"auto, (max-width: 560px) 100vw, 560px\" \/>\t\t\t\t\t\t\t\t<\/div>\r\n\t\t\t\t\t\t\t\t<figcaption>\r\n\t\t\t\t\t\t\t\t\t\t\t\t\t\t\t\t\t\t<h6 class=\"grve-title grve-dark\">Hospital Sant Joan De D\u00e9u<\/h6>\r\n\t\t\t\t\t\t\t\t\t\t\t\t\t\t\t\t\t\t\t\t\t\t\t\t\t\t\t<span class=\"grve-caption grve-dark\">Kids Corona.<\/span>\r\n\t\t\t\t\t\t\t\t\t\t\t\t\t\t\t\t\t\t\t\t\t\t\t\t\t\t\t<span class=\"grve-portfolio-btns\">+ INFO<\/span>\r\n\t\t\t\t\t\t\t\t\t\t\t\t\t\t\t\t\t<\/figcaption>\r\n\t\t\t\t\t\t\t<\/figure>\r\n\t\t\t\t\t\t\t<\/a>\t\t\t\t\t\t\t\t\t\t\t\t\t\r\n\t\t\t\t\t<\/article>\r\n\t\t\t\t\t<article id=\"portfolio-4932-69f5b0ea21186\" class=\"grve-isotope-item grve-portfolio-item  post-4932 portfolio type-portfolio status-publish has-post-thumbnail hentry\">\r\n\t\t\t\t\t\t\t\t\t\t\t\t\t\t\t\t\t\t<a href=\"https:\/\/fundaciocmjgodo.cat\/es\/projecte\/fundacio-raval-solidari\/\">\r\n\t\t\t\t\t\t\t\t\t\t\t<figure class=\"grve-hover-style-1 grve-image-hover grve-zoom-in grve-dark\">\r\n\t\t\t\t\t\t\t\t\t\t\t\t\t\t\t\t<div class=\"grve-media grve-dark-overlay grve-opacity-80\">\r\n\t\t\t\t\t\t\t\t\t<img loading=\"lazy\" decoding=\"async\" width=\"560\" height=\"560\" src=\"https:\/\/fundaciocmjgodo.cat\/wp-content\/uploads\/home-cmj-godo_7-560x560.jpg\" class=\"attachment-grve-image-small-square size-grve-image-small-square\" alt=\"\" srcset=\"https:\/\/fundaciocmjgodo.cat\/wp-content\/uploads\/home-cmj-godo_7-560x560.jpg 560w, https:\/\/fundaciocmjgodo.cat\/wp-content\/uploads\/home-cmj-godo_7-150x150.jpg 150w, https:\/\/fundaciocmjgodo.cat\/wp-content\/uploads\/home-cmj-godo_7-80x80.jpg 80w, https:\/\/fundaciocmjgodo.cat\/wp-content\/uploads\/home-cmj-godo_7-1120x1120.jpg 1120w\" sizes=\"auto, (max-width: 560px) 100vw, 560px\" \/>\t\t\t\t\t\t\t\t<\/div>\r\n\t\t\t\t\t\t\t\t<figcaption>\r\n\t\t\t\t\t\t\t\t\t\t\t\t\t\t\t\t\t\t<h6 class=\"grve-title grve-dark\">Fundaci\u00f3 Raval Solidari<\/h6>\r\n\t\t\t\t\t\t\t\t\t\t\t\t\t\t\t\t\t\t\t\t\t\t\t\t\t\t\t<span class=\"grve-caption grve-dark\">Proyecto Terral. Fomentando el soporte socioeducativo entre la infancia en situaci\u00f3n de pobreza y exclusi\u00f3n mediante el voluntariado.<\/span>\r\n\t\t\t\t\t\t\t\t\t\t\t\t\t\t\t\t\t\t\t\t\t\t\t\t\t\t\t<span class=\"grve-portfolio-btns\">+ INFO<\/span>\r\n\t\t\t\t\t\t\t\t\t\t\t\t\t\t\t\t\t<\/figcaption>\r\n\t\t\t\t\t\t\t<\/figure>\r\n\t\t\t\t\t\t\t<\/a>\t\t\t\t\t\t\t\t\t\t\t\t\t\r\n\t\t\t\t\t<\/article>\r\n\t\t\t\t\t<article id=\"portfolio-5502-69f5b0ea214ad\" class=\"grve-isotope-item grve-portfolio-item  post-5502 portfolio type-portfolio status-publish has-post-thumbnail hentry\">\r\n\t\t\t\t\t\t\t\t\t\t\t\t\t\t\t\t\t\t<a href=\"https:\/\/fundaciocmjgodo.cat\/es\/projecte\/fundacio-pere-tarres\/\">\r\n\t\t\t\t\t\t\t\t\t\t\t<figure class=\"grve-hover-style-1 grve-image-hover grve-zoom-in grve-dark\">\r\n\t\t\t\t\t\t\t\t\t\t\t\t\t\t\t\t<div class=\"grve-media grve-dark-overlay grve-opacity-80\">\r\n\t\t\t\t\t\t\t\t\t<img loading=\"lazy\" decoding=\"async\" width=\"560\" height=\"560\" src=\"https:\/\/fundaciocmjgodo.cat\/wp-content\/uploads\/home-cmj-godo_4-560x560.jpg\" class=\"attachment-grve-image-small-square size-grve-image-small-square\" alt=\"\" srcset=\"https:\/\/fundaciocmjgodo.cat\/wp-content\/uploads\/home-cmj-godo_4-560x560.jpg 560w, https:\/\/fundaciocmjgodo.cat\/wp-content\/uploads\/home-cmj-godo_4-150x150.jpg 150w, https:\/\/fundaciocmjgodo.cat\/wp-content\/uploads\/home-cmj-godo_4-80x80.jpg 80w, https:\/\/fundaciocmjgodo.cat\/wp-content\/uploads\/home-cmj-godo_4-1120x1120.jpg 1120w\" sizes=\"auto, (max-width: 560px) 100vw, 560px\" \/>\t\t\t\t\t\t\t\t<\/div>\r\n\t\t\t\t\t\t\t\t<figcaption>\r\n\t\t\t\t\t\t\t\t\t\t\t\t\t\t\t\t\t\t<h6 class=\"grve-title grve-dark\">Fundaci\u00f3 Pere Tarr\u00e9s<\/h6>\r\n\t\t\t\t\t\t\t\t\t\t\t\t\t\t\t\t\t\t\t\t\t\t\t\t\t\t\t<span class=\"grve-caption grve-dark\">La educaci\u00f3n en el ocio, una respuesta para la infancia, en esta nueva crisis.<\/span>\r\n\t\t\t\t\t\t\t\t\t\t\t\t\t\t\t\t\t\t\t\t\t\t\t\t\t\t\t<span class=\"grve-portfolio-btns\">+ INFO<\/span>\r\n\t\t\t\t\t\t\t\t\t\t\t\t\t\t\t\t\t<\/figcaption>\r\n\t\t\t\t\t\t\t<\/figure>\r\n\t\t\t\t\t\t\t<\/a>\t\t\t\t\t\t\t\t\t\t\t\t\t\r\n\t\t\t\t\t<\/article>\r\n\t\t\t\t\t<article id=\"portfolio-5504-69f5b0ea217cb\" class=\"grve-isotope-item grve-portfolio-item  post-5504 portfolio type-portfolio status-publish has-post-thumbnail hentry\">\r\n\t\t\t\t\t\t\t\t\t\t\t\t\t\t\t\t\t\t<a href=\"https:\/\/fundaciocmjgodo.cat\/es\/projecte\/fundacio-familia-i-benestar-social\/\">\r\n\t\t\t\t\t\t\t\t\t\t\t<figure class=\"grve-hover-style-1 grve-image-hover grve-zoom-in grve-dark\">\r\n\t\t\t\t\t\t\t\t\t\t\t\t\t\t\t\t<div class=\"grve-media grve-dark-overlay grve-opacity-80\">\r\n\t\t\t\t\t\t\t\t\t<img loading=\"lazy\" decoding=\"async\" width=\"560\" height=\"560\" src=\"https:\/\/fundaciocmjgodo.cat\/wp-content\/uploads\/home-cmj-godo-560x560.jpg\" class=\"attachment-grve-image-small-square size-grve-image-small-square\" alt=\"\" srcset=\"https:\/\/fundaciocmjgodo.cat\/wp-content\/uploads\/home-cmj-godo-560x560.jpg 560w, https:\/\/fundaciocmjgodo.cat\/wp-content\/uploads\/home-cmj-godo-150x150.jpg 150w, https:\/\/fundaciocmjgodo.cat\/wp-content\/uploads\/home-cmj-godo-80x80.jpg 80w, https:\/\/fundaciocmjgodo.cat\/wp-content\/uploads\/home-cmj-godo-1120x1120.jpg 1120w\" sizes=\"auto, (max-width: 560px) 100vw, 560px\" \/>\t\t\t\t\t\t\t\t<\/div>\r\n\t\t\t\t\t\t\t\t<figcaption>\r\n\t\t\t\t\t\t\t\t\t\t\t\t\t\t\t\t\t\t<h6 class=\"grve-title grve-dark\">Fundaci\u00f3 Fam\u00edlia i Benestar Social<\/h6>\r\n\t\t\t\t\t\t\t\t\t\t\t\t\t\t\t\t\t\t\t\t\t\t\t\t\t\t\t<span class=\"grve-caption grve-dark\">Servicio de Salud Neurocognitiva: Implementaci\u00f3n y consolidaci\u00f3n. Atenci\u00f3n integral e integradora, proporcionando continuidad asistencial y soporte comunitario viviendo en el entorno habitual<\/span>\r\n\t\t\t\t\t\t\t\t\t\t\t\t\t\t\t\t\t\t\t\t\t\t\t\t\t\t\t<span class=\"grve-portfolio-btns\">+ INFO<\/span>\r\n\t\t\t\t\t\t\t\t\t\t\t\t\t\t\t\t\t<\/figcaption>\r\n\t\t\t\t\t\t\t<\/figure>\r\n\t\t\t\t\t\t\t<\/a>\t\t\t\t\t\t\t\t\t\t\t\t\t\r\n\t\t\t\t\t<\/article>\r\n\t\t\t\t\t<article id=\"portfolio-4927-69f5b0ea21ae3\" class=\"grve-isotope-item grve-portfolio-item  post-4927 portfolio type-portfolio status-publish has-post-thumbnail hentry\">\r\n\t\t\t\t\t\t\t\t\t\t\t\t\t\t\t\t\t\t<a href=\"https:\/\/fundaciocmjgodo.cat\/es\/projecte\/fundacio-pere-closa\/\">\r\n\t\t\t\t\t\t\t\t\t\t\t<figure class=\"grve-hover-style-1 grve-image-hover grve-zoom-in grve-dark\">\r\n\t\t\t\t\t\t\t\t\t\t\t\t\t\t\t\t<div class=\"grve-media grve-dark-overlay grve-opacity-80\">\r\n\t\t\t\t\t\t\t\t\t<img loading=\"lazy\" decoding=\"async\" width=\"560\" height=\"560\" src=\"https:\/\/fundaciocmjgodo.cat\/wp-content\/uploads\/home-cmj-godo_6-560x560.jpg\" class=\"attachment-grve-image-small-square size-grve-image-small-square\" alt=\"\" srcset=\"https:\/\/fundaciocmjgodo.cat\/wp-content\/uploads\/home-cmj-godo_6-560x560.jpg 560w, https:\/\/fundaciocmjgodo.cat\/wp-content\/uploads\/home-cmj-godo_6-150x150.jpg 150w, https:\/\/fundaciocmjgodo.cat\/wp-content\/uploads\/home-cmj-godo_6-80x80.jpg 80w, https:\/\/fundaciocmjgodo.cat\/wp-content\/uploads\/home-cmj-godo_6-1120x1120.jpg 1120w\" sizes=\"auto, (max-width: 560px) 100vw, 560px\" \/>\t\t\t\t\t\t\t\t<\/div>\r\n\t\t\t\t\t\t\t\t<figcaption>\r\n\t\t\t\t\t\t\t\t\t\t\t\t\t\t\t\t\t\t<h6 class=\"grve-title grve-dark\">Fundaci\u00f3 Pere Closa<\/h6>\r\n\t\t\t\t\t\t\t\t\t\t\t\t\t\t\t\t\t\t\t\t\t\t\t\t\t\t\t<span class=\"grve-caption grve-dark\">Proyecto Siklavipen Savoren\u00e7a (Educaci\u00f3n con todos)<\/span>\r\n\t\t\t\t\t\t\t\t\t\t\t\t\t\t\t\t\t\t\t\t\t\t\t\t\t\t\t<span class=\"grve-portfolio-btns\">+ INFO<\/span>\r\n\t\t\t\t\t\t\t\t\t\t\t\t\t\t\t\t\t<\/figcaption>\r\n\t\t\t\t\t\t\t<\/figure>\r\n\t\t\t\t\t\t\t<\/a>\t\t\t\t\t\t\t\t\t\t\t\t\t\r\n\t\t\t\t\t<\/article>\r\n\t\t\t\t\t<article id=\"portfolio-4930-69f5b0ea21dff\" class=\"grve-isotope-item grve-portfolio-item  post-4930 portfolio type-portfolio status-publish has-post-thumbnail hentry\">\r\n\t\t\t\t\t\t\t\t\t\t\t\t\t\t\t\t\t\t<a href=\"https:\/\/fundaciocmjgodo.cat\/es\/projecte\/projecte-home\/\">\r\n\t\t\t\t\t\t\t\t\t\t\t<figure class=\"grve-hover-style-1 grve-image-hover grve-zoom-in grve-dark\">\r\n\t\t\t\t\t\t\t\t\t\t\t\t\t\t\t\t<div class=\"grve-media grve-dark-overlay grve-opacity-80\">\r\n\t\t\t\t\t\t\t\t\t<img loading=\"lazy\" decoding=\"async\" width=\"560\" height=\"560\" src=\"https:\/\/fundaciocmjgodo.cat\/wp-content\/uploads\/work-560x560.jpg\" class=\"attachment-grve-image-small-square size-grve-image-small-square\" alt=\"\" srcset=\"https:\/\/fundaciocmjgodo.cat\/wp-content\/uploads\/work-560x560.jpg 560w, https:\/\/fundaciocmjgodo.cat\/wp-content\/uploads\/work-150x150.jpg 150w, https:\/\/fundaciocmjgodo.cat\/wp-content\/uploads\/work-80x80.jpg 80w, https:\/\/fundaciocmjgodo.cat\/wp-content\/uploads\/work-1120x1120.jpg 1120w\" sizes=\"auto, (max-width: 560px) 100vw, 560px\" \/>\t\t\t\t\t\t\t\t<\/div>\r\n\t\t\t\t\t\t\t\t<figcaption>\r\n\t\t\t\t\t\t\t\t\t\t\t\t\t\t\t\t\t\t<h6 class=\"grve-title grve-dark\">Projecte Home<\/h6>\r\n\t\t\t\t\t\t\t\t\t\t\t\t\t\t\t\t\t\t\t\t\t\t\t\t\t\t\t<span class=\"grve-caption grve-dark\">Programa Jove: programa integral de atenci\u00f3n a j\u00f3venes y adolescentes en riesgo.<\/span>\r\n\t\t\t\t\t\t\t\t\t\t\t\t\t\t\t\t\t\t\t\t\t\t\t\t\t\t\t<span class=\"grve-portfolio-btns\">+ INFO<\/span>\r\n\t\t\t\t\t\t\t\t\t\t\t\t\t\t\t\t\t<\/figcaption>\r\n\t\t\t\t\t\t\t<\/figure>\r\n\t\t\t\t\t\t\t<\/a>\t\t\t\t\t\t\t\t\t\t\t\t\t\r\n\t\t\t\t\t<\/article>\r\n\t\t\t\t\t<article id=\"portfolio-5503-69f5b0ea2213d\" class=\"grve-isotope-item grve-portfolio-item  post-5503 portfolio type-portfolio status-publish has-post-thumbnail hentry\">\r\n\t\t\t\t\t\t\t\t\t\t\t\t\t\t\t\t\t\t<a href=\"https:\/\/fundaciocmjgodo.cat\/es\/projecte\/associacio-catalana-dintegracio-i-desenvolupament-huma\/\">\r\n\t\t\t\t\t\t\t\t\t\t\t<figure class=\"grve-hover-style-1 grve-image-hover grve-zoom-in grve-dark\">\r\n\t\t\t\t\t\t\t\t\t\t\t\t\t\t\t\t<div class=\"grve-media grve-dark-overlay grve-opacity-80\">\r\n\t\t\t\t\t\t\t\t\t<img loading=\"lazy\" decoding=\"async\" width=\"560\" height=\"560\" src=\"https:\/\/fundaciocmjgodo.cat\/wp-content\/uploads\/home-cmj-godo_5-560x560.jpg\" class=\"attachment-grve-image-small-square size-grve-image-small-square\" alt=\"\" srcset=\"https:\/\/fundaciocmjgodo.cat\/wp-content\/uploads\/home-cmj-godo_5-560x560.jpg 560w, https:\/\/fundaciocmjgodo.cat\/wp-content\/uploads\/home-cmj-godo_5-150x150.jpg 150w, https:\/\/fundaciocmjgodo.cat\/wp-content\/uploads\/home-cmj-godo_5-80x80.jpg 80w, https:\/\/fundaciocmjgodo.cat\/wp-content\/uploads\/home-cmj-godo_5-1120x1120.jpg 1120w\" sizes=\"auto, (max-width: 560px) 100vw, 560px\" \/>\t\t\t\t\t\t\t\t<\/div>\r\n\t\t\t\t\t\t\t\t<figcaption>\r\n\t\t\t\t\t\t\t\t\t\t\t\t\t\t\t\t\t\t<h6 class=\"grve-title grve-dark\">C\u00e0ritas<\/h6>\r\n\t\t\t\t\t\t\t\t\t\t\t\t\t\t\t\t\t\t\t\t\t\t\t\t\t\t\t<span class=\"grve-caption grve-dark\">Proyecto Paidos. Prevenci\u00f3n pobreza infantil.<\/span>\r\n\t\t\t\t\t\t\t\t\t\t\t\t\t\t\t\t\t\t\t\t\t\t\t\t\t\t\t<span class=\"grve-portfolio-btns\">+ INFO<\/span>\r\n\t\t\t\t\t\t\t\t\t\t\t\t\t\t\t\t\t<\/figcaption>\r\n\t\t\t\t\t\t\t<\/figure>\r\n\t\t\t\t\t\t\t<\/a>\t\t\t\t\t\t\t\t\t\t\t\t\t\r\n\t\t\t\t\t<\/article>\r\n\t\t\t\t\t<article id=\"portfolio-4931-69f5b0ea22460\" class=\"grve-isotope-item grve-portfolio-item  post-4931 portfolio type-portfolio status-publish has-post-thumbnail hentry\">\r\n\t\t\t\t\t\t\t\t\t\t\t\t\t\t\t\t\t\t<a href=\"https:\/\/fundaciocmjgodo.cat\/es\/projecte\/punt-de-referencia\/\">\r\n\t\t\t\t\t\t\t\t\t\t\t<figure class=\"grve-hover-style-1 grve-image-hover grve-zoom-in grve-dark\">\r\n\t\t\t\t\t\t\t\t\t\t\t\t\t\t\t\t<div class=\"grve-media grve-dark-overlay grve-opacity-80\">\r\n\t\t\t\t\t\t\t\t\t<img loading=\"lazy\" decoding=\"async\" width=\"560\" height=\"560\" src=\"https:\/\/fundaciocmjgodo.cat\/wp-content\/uploads\/home-cmj-godo_2-560x560.jpg\" class=\"attachment-grve-image-small-square size-grve-image-small-square\" alt=\"\" srcset=\"https:\/\/fundaciocmjgodo.cat\/wp-content\/uploads\/home-cmj-godo_2-560x560.jpg 560w, https:\/\/fundaciocmjgodo.cat\/wp-content\/uploads\/home-cmj-godo_2-150x150.jpg 150w, https:\/\/fundaciocmjgodo.cat\/wp-content\/uploads\/home-cmj-godo_2-80x80.jpg 80w, https:\/\/fundaciocmjgodo.cat\/wp-content\/uploads\/home-cmj-godo_2-1120x1120.jpg 1120w\" sizes=\"auto, (max-width: 560px) 100vw, 560px\" \/>\t\t\t\t\t\t\t\t<\/div>\r\n\t\t\t\t\t\t\t\t<figcaption>\r\n\t\t\t\t\t\t\t\t\t\t\t\t\t\t\t\t\t\t<h6 class=\"grve-title grve-dark\">Fundaci\u00f3 Adana<\/h6>\r\n\t\t\t\t\t\t\t\t\t\t\t\t\t\t\t\t\t\t\t\t\t\t\t\t\t\t\t<span class=\"grve-caption grve-dark\">Soporte y acompa\u00f1amiento a ni\u00f1os y j\u00f3venes con trastornos del neurodesarrollo, de la conducta y del aprendizaje durante y despu\u00e9s del estado de alarma debido al Covid-19.<\/span>\r\n\t\t\t\t\t\t\t\t\t\t\t\t\t\t\t\t\t\t\t\t\t\t\t\t\t\t\t<span class=\"grve-portfolio-btns\">+ INFO<\/span>\r\n\t\t\t\t\t\t\t\t\t\t\t\t\t\t\t\t\t<\/figcaption>\r\n\t\t\t\t\t\t\t<\/figure>\r\n\t\t\t\t\t\t\t<\/a>\t\t\t\t\t\t\t\t\t\t\t\t\t\r\n\t\t\t\t\t<\/article>\r\n\t\t\t\t<\/div>\r\n\t\t\t<\/div>\r\n\r\n\t\t[\/vc_column][\/vc_row]<\/p>\n<\/div>","protected":false},"excerpt":{"rendered":"<p>[vc_row][vc_column][\/vc_column][\/vc_row]<\/p>\n","protected":false},"author":3,"featured_media":0,"parent":0,"menu_order":0,"comment_status":"open","ping_status":"closed","template":"","meta":{"footnotes":""},"class_list":["post-4921","page","type-page","status-publish","hentry"],"yoast_head":"<!-- This site is optimized with the Yoast SEO plugin v27.4 - https:\/\/yoast.com\/product\/yoast-seo-wordpress\/ -->\n<title>Proyectos destacados - Fundaci\u00f3 CMJ God\u00f3<\/title>\n<meta name=\"robots\" content=\"index, follow, max-snippet:-1, max-image-preview:large, max-video-preview:-1\" \/>\n<link rel=\"canonical\" href=\"https:\/\/fundaciocmjgodo.cat\/es\/proyectos-destacados\/\" \/>\n<meta property=\"og:locale\" content=\"es_ES\" \/>\n<meta property=\"og:type\" content=\"article\" \/>\n<meta property=\"og:title\" content=\"Proyectos destacados - Fundaci\u00f3 CMJ God\u00f3\" \/>\n<meta property=\"og:description\" content=\"[vc_row][vc_column][\/vc_column][\/vc_row]\" \/>\n<meta property=\"og:url\" content=\"https:\/\/fundaciocmjgodo.cat\/es\/proyectos-destacados\/\" \/>\n<meta property=\"og:site_name\" content=\"Fundaci\u00f3 CMJ God\u00f3\" \/>\n<meta property=\"article:modified_time\" content=\"2017-01-27T14:26:26+00:00\" \/>\n<meta name=\"twitter:card\" content=\"summary_large_image\" \/>\n<script type=\"application\/ld+json\" class=\"yoast-schema-graph\">{\"@context\":\"https:\\\/\\\/schema.org\",\"@graph\":[{\"@type\":\"WebPage\",\"@id\":\"https:\\\/\\\/fundaciocmjgodo.cat\\\/es\\\/proyectos-destacados\\\/\",\"url\":\"https:\\\/\\\/fundaciocmjgodo.cat\\\/es\\\/proyectos-destacados\\\/\",\"name\":\"Proyectos destacados - Fundaci\u00f3 CMJ God\u00f3\",\"isPartOf\":{\"@id\":\"https:\\\/\\\/fundaciocmjgodo.cat\\\/#website\"},\"datePublished\":\"2017-01-19T11:28:59+00:00\",\"dateModified\":\"2017-01-27T14:26:26+00:00\",\"breadcrumb\":{\"@id\":\"https:\\\/\\\/fundaciocmjgodo.cat\\\/es\\\/proyectos-destacados\\\/#breadcrumb\"},\"inLanguage\":\"es\",\"potentialAction\":[{\"@type\":\"ReadAction\",\"target\":[\"https:\\\/\\\/fundaciocmjgodo.cat\\\/es\\\/proyectos-destacados\\\/\"]}]},{\"@type\":\"BreadcrumbList\",\"@id\":\"https:\\\/\\\/fundaciocmjgodo.cat\\\/es\\\/proyectos-destacados\\\/#breadcrumb\",\"itemListElement\":[{\"@type\":\"ListItem\",\"position\":1,\"name\":\"Inici\",\"item\":\"https:\\\/\\\/fundaciocmjgodo.cat\\\/es\\\/inici\\\/\"},{\"@type\":\"ListItem\",\"position\":2,\"name\":\"Proyectos destacados\"}]},{\"@type\":\"WebSite\",\"@id\":\"https:\\\/\\\/fundaciocmjgodo.cat\\\/#website\",\"url\":\"https:\\\/\\\/fundaciocmjgodo.cat\\\/\",\"name\":\"Fundaci\u00f3 CMJ God\u00f3\",\"description\":\"\",\"publisher\":{\"@id\":\"https:\\\/\\\/fundaciocmjgodo.cat\\\/#organization\"},\"potentialAction\":[{\"@type\":\"SearchAction\",\"target\":{\"@type\":\"EntryPoint\",\"urlTemplate\":\"https:\\\/\\\/fundaciocmjgodo.cat\\\/?s={search_term_string}\"},\"query-input\":{\"@type\":\"PropertyValueSpecification\",\"valueRequired\":true,\"valueName\":\"search_term_string\"}}],\"inLanguage\":\"es\"},{\"@type\":\"Organization\",\"@id\":\"https:\\\/\\\/fundaciocmjgodo.cat\\\/#organization\",\"name\":\"Fundaci\u00f3 CMJ God\u00f3\",\"url\":\"https:\\\/\\\/fundaciocmjgodo.cat\\\/\",\"logo\":{\"@type\":\"ImageObject\",\"inLanguage\":\"es\",\"@id\":\"https:\\\/\\\/fundaciocmjgodo.cat\\\/#\\\/schema\\\/logo\\\/image\\\/\",\"url\":\"https:\\\/\\\/fundaciocmjgodo.cat\\\/wp-content\\\/uploads\\\/Logo-RGB-web.jpg\",\"contentUrl\":\"https:\\\/\\\/fundaciocmjgodo.cat\\\/wp-content\\\/uploads\\\/Logo-RGB-web.jpg\",\"width\":2000,\"height\":2000,\"caption\":\"Fundaci\u00f3 CMJ God\u00f3\"},\"image\":{\"@id\":\"https:\\\/\\\/fundaciocmjgodo.cat\\\/#\\\/schema\\\/logo\\\/image\\\/\"}}]}<\/script>\n<!-- \/ Yoast SEO plugin. -->","yoast_head_json":{"title":"Proyectos destacados - Fundaci\u00f3 CMJ God\u00f3","robots":{"index":"index","follow":"follow","max-snippet":"max-snippet:-1","max-image-preview":"max-image-preview:large","max-video-preview":"max-video-preview:-1"},"canonical":"https:\/\/fundaciocmjgodo.cat\/es\/proyectos-destacados\/","og_locale":"es_ES","og_type":"article","og_title":"Proyectos destacados - Fundaci\u00f3 CMJ God\u00f3","og_description":"[vc_row][vc_column][\/vc_column][\/vc_row]","og_url":"https:\/\/fundaciocmjgodo.cat\/es\/proyectos-destacados\/","og_site_name":"Fundaci\u00f3 CMJ God\u00f3","article_modified_time":"2017-01-27T14:26:26+00:00","twitter_card":"summary_large_image","schema":{"@context":"https:\/\/schema.org","@graph":[{"@type":"WebPage","@id":"https:\/\/fundaciocmjgodo.cat\/es\/proyectos-destacados\/","url":"https:\/\/fundaciocmjgodo.cat\/es\/proyectos-destacados\/","name":"Proyectos destacados - Fundaci\u00f3 CMJ God\u00f3","isPartOf":{"@id":"https:\/\/fundaciocmjgodo.cat\/#website"},"datePublished":"2017-01-19T11:28:59+00:00","dateModified":"2017-01-27T14:26:26+00:00","breadcrumb":{"@id":"https:\/\/fundaciocmjgodo.cat\/es\/proyectos-destacados\/#breadcrumb"},"inLanguage":"es","potentialAction":[{"@type":"ReadAction","target":["https:\/\/fundaciocmjgodo.cat\/es\/proyectos-destacados\/"]}]},{"@type":"BreadcrumbList","@id":"https:\/\/fundaciocmjgodo.cat\/es\/proyectos-destacados\/#breadcrumb","itemListElement":[{"@type":"ListItem","position":1,"name":"Inici","item":"https:\/\/fundaciocmjgodo.cat\/es\/inici\/"},{"@type":"ListItem","position":2,"name":"Proyectos destacados"}]},{"@type":"WebSite","@id":"https:\/\/fundaciocmjgodo.cat\/#website","url":"https:\/\/fundaciocmjgodo.cat\/","name":"Fundaci\u00f3 CMJ God\u00f3","description":"","publisher":{"@id":"https:\/\/fundaciocmjgodo.cat\/#organization"},"potentialAction":[{"@type":"SearchAction","target":{"@type":"EntryPoint","urlTemplate":"https:\/\/fundaciocmjgodo.cat\/?s={search_term_string}"},"query-input":{"@type":"PropertyValueSpecification","valueRequired":true,"valueName":"search_term_string"}}],"inLanguage":"es"},{"@type":"Organization","@id":"https:\/\/fundaciocmjgodo.cat\/#organization","name":"Fundaci\u00f3 CMJ God\u00f3","url":"https:\/\/fundaciocmjgodo.cat\/","logo":{"@type":"ImageObject","inLanguage":"es","@id":"https:\/\/fundaciocmjgodo.cat\/#\/schema\/logo\/image\/","url":"https:\/\/fundaciocmjgodo.cat\/wp-content\/uploads\/Logo-RGB-web.jpg","contentUrl":"https:\/\/fundaciocmjgodo.cat\/wp-content\/uploads\/Logo-RGB-web.jpg","width":2000,"height":2000,"caption":"Fundaci\u00f3 CMJ God\u00f3"},"image":{"@id":"https:\/\/fundaciocmjgodo.cat\/#\/schema\/logo\/image\/"}}]}},"_links":{"self":[{"href":"https:\/\/fundaciocmjgodo.cat\/es\/wp-json\/wp\/v2\/pages\/4921","targetHints":{"allow":["GET"]}}],"collection":[{"href":"https:\/\/fundaciocmjgodo.cat\/es\/wp-json\/wp\/v2\/pages"}],"about":[{"href":"https:\/\/fundaciocmjgodo.cat\/es\/wp-json\/wp\/v2\/types\/page"}],"author":[{"embeddable":true,"href":"https:\/\/fundaciocmjgodo.cat\/es\/wp-json\/wp\/v2\/users\/3"}],"replies":[{"embeddable":true,"href":"https:\/\/fundaciocmjgodo.cat\/es\/wp-json\/wp\/v2\/comments?post=4921"}],"version-history":[{"count":1,"href":"https:\/\/fundaciocmjgodo.cat\/es\/wp-json\/wp\/v2\/pages\/4921\/revisions"}],"predecessor-version":[{"id":4922,"href":"https:\/\/fundaciocmjgodo.cat\/es\/wp-json\/wp\/v2\/pages\/4921\/revisions\/4922"}],"wp:attachment":[{"href":"https:\/\/fundaciocmjgodo.cat\/es\/wp-json\/wp\/v2\/media?parent=4921"}],"curies":[{"name":"wp","href":"https:\/\/api.w.org\/{rel}","templated":true}]}}